{"id":42861,"date":"2024-05-18T11:17:22","date_gmt":"2024-05-18T08:17:22","guid":{"rendered":"https:\/\/balticoverlanders.eu\/product\/wild-land-voyager-pro-230-kattoteltta\/"},"modified":"2024-05-20T15:40:24","modified_gmt":"2024-05-20T12:40:24","slug":"wild-land-voyager-pro-230-kattoteltta","status":"publish","type":"product","link":"https:\/\/balticoverlanders.eu\/fi\/tuote\/wild-land-voyager-pro-230-kattoteltta\/","title":{"rendered":"Wild Land Voyager PRO 230 kattoteltta"},"content":{"rendered":"<h2>Voyager PRO 230 kattoteltta: Perheesi perimm\u00e4inen leirint\u00e4kumppani<\/h2>\n<h3>Yleiskatsaus<\/h3>\n<p>Esittelyss\u00e4 Voyager PRO 230 -kattoteltta, uskomattoman tilava ja mukava kattoteltta, joka on suunniteltu perheille ja ymp\u00e4rivuotiseen matkailuun. T\u00e4m\u00e4 vankkaan alumiinikoteloon koteloitu teltta on rakennettu kest\u00e4m\u00e4\u00e4n mit\u00e4 tahansa s\u00e4\u00e4olosuhteita, mik\u00e4 takaa viihtyis\u00e4n majapaikan riippumatta siit\u00e4, minne seikkailusi viev\u00e4t sinut.<\/p>\n<h3>T\u00e4rkeimm\u00e4t ominaisuudet<\/h3>\n<h4><strong>Tilava ja kompakti muotoilu<\/strong><\/h4>\n<ul>\n<li><strong>Makuualue<\/strong>: 230&#215;200 cm, joka tarjoaa runsaasti tilaa koko perheelle.<\/li>\n<li><strong>Taitettuna Mitat<\/strong>: Teltta on kokoontaitettuna vain 29 cm korkea, joten se on tyypillist\u00e4 kattoboxia kevyempi ja sopii erinomaisesti sek\u00e4 suuriin ajoneuvoihin ett\u00e4 perheiden farmariautoihin.<\/li>\n<li><strong>Paino<\/strong>: Teltta painaa suuresta makuualueestaan huolimatta vain 66 kg, mik\u00e4 takaa helpon kuljetuksen ja asennuksen.<\/li>\n<\/ul>\n<h4><strong>Kest\u00e4v\u00e4 rakenne<\/strong><\/h4>\n<ul>\n<li><strong>Materiaalit<\/strong>: Se tarjoaa 12000 mm:n PU-vedenkest\u00e4vyyden. Se on eritt\u00e4in hengitt\u00e4v\u00e4, kest\u00e4\u00e4 vaurioita ja muodonmuutoksia ja takaa pimeyden teltan sis\u00e4ll\u00e4 keskeytym\u00e4t\u00f6nt\u00e4 unta varten.<\/li>\n<li><strong>3-kerroksiset ikkunat<\/strong>: Varustettu p\u00e4\u00e4teltan materiaalilla, hyttysverkoilla ja l\u00e4pin\u00e4kyvill\u00e4 kerroksilla, jotka tarjoavat mukavuutta kaikissa s\u00e4\u00e4olosuhteissa, mukaan lukien kova tuuli, rankkasade ja lumi.<\/li>\n<\/ul>\n<h4><strong>S\u00e4\u00e4nkest\u00e4v\u00e4<\/strong><\/h4>\n<ul>\n<li><strong>T\u00e4ysi tropiikki<\/strong>: Teltan muotoilu sis\u00e4lt\u00e4\u00e4 t\u00e4ydet tropiikit, jotka antavat lis\u00e4suojaa s\u00e4\u00e4lle ja takaavat mukavuuden ep\u00e4suotuisissa olosuhteissa.<\/li>\n<li><strong>Eristetty kattoverhoilu<\/strong>: Teltan yl\u00e4osa on valmistettu eristetyst\u00e4 materiaalista, joka est\u00e4\u00e4 liiallista l\u00e4mpenemist\u00e4 kuumina p\u00e4ivin\u00e4 ja pit\u00e4\u00e4 l\u00e4mp\u00f6\u00e4 yll\u00e4 viile\u00e4mmiss\u00e4 l\u00e4mp\u00f6tiloissa. T\u00e4m\u00e4 rakenne v\u00e4hent\u00e4\u00e4 my\u00f6s kondensaatiota minimoimalla l\u00e4mp\u00f6tilaerot.<\/li>\n<\/ul>\n<h3>Mukavuus &amp; mukavuus<\/h3>\n<h4><strong>Pika-asennus<\/strong><\/h4>\n<ul>\n<li><strong>Helppok\u00e4ytt\u00f6isyys<\/strong>: Muutamalla yksinkertaisella liikkeell\u00e4 alle minuutissa, jolloin ei tarvita ylim\u00e4\u00e4r\u00e4isi\u00e4 tappeja tai ikkunan suojuksia.<\/li>\n<\/ul>\n<h4><strong>Sis\u00e4tilojen ominaisuudet<\/strong><\/h4>\n<ul>\n<li><strong>Panoraamaikkunat<\/strong>: Ikkunoissa ja sis\u00e4\u00e4nk\u00e4ynneiss\u00e4 on hyttysverkot, jotka pit\u00e4v\u00e4t hy\u00f6nteiset poissa.<\/li>\n<li><strong>S\u00e4ilytystaskut<\/strong>: Teltan sis\u00e4ll\u00e4 on erikokoisia taskuja k\u00e4tevien tavaroiden s\u00e4ilytt\u00e4miseen, jotta kaikki on aina k\u00e4den ulottuvilla.<\/li>\n<li><strong>LED-valaistus<\/strong>: Sis\u00e4lt\u00e4\u00e4 joustavan LED-nauhan, jossa on USB-l\u00e4ht\u00f6 k\u00e4tev\u00e4\u00e4 valaistusta varten teltan sis\u00e4ll\u00e4.<\/li>\n<\/ul>\n<h4><strong>Mukava patja<\/strong><\/h4>\n<ul>\n<li><strong>Suunnittelu<\/strong>: Se tarjoaa mukavuutta ja vakautta ilman, ett\u00e4 nivelten siirtelyst\u00e4 on haittaa. Kansi on valmistettu materiaalista, joka on miellytt\u00e4v\u00e4n tuntuista.<\/li>\n<\/ul>\n<h4><strong>Ilmanvaihto<\/strong><\/h4>\n<ul>\n<li><strong>Ilmankierto<\/strong>: H\u00f6yryn tiivistyminen estyy my\u00f6s suurilla l\u00e4mp\u00f6tilaeroilla.<\/li>\n<\/ul>\n<h3>Lis\u00e4ominaisuudet<\/h3>\n<h4><strong>Alumiiniset teleskooppitikkaat<\/strong><\/h4>\n<ul>\n<li><strong>Suunnittelu<\/strong>: Teltta: Mustat alumiiniset teleskooppitikkaat, jotka ovat irrotettavat ja jotka voidaan s\u00e4ilytt\u00e4\u00e4 teltan sis\u00e4ll\u00e4 tai autossa taittamisen j\u00e4lkeen.<\/li>\n<\/ul>\n<h4><strong>Irrotettavat elementit<\/strong><\/h4>\n<ul>\n<li><strong>Huolto<\/strong>: Teltan jokainen osa on t\u00e4ysin irrotettavissa helppoa puhdistusta ja huoltoa varten. Patjanp\u00e4\u00e4llinen voidaan pest\u00e4, ja materiaali voidaan kyll\u00e4st\u00e4\u00e4 uudelleen, jotta se s\u00e4ilyy pitk\u00e4\u00e4n.<\/li>\n<\/ul>\n<h3>Takuun j\u00e4lkeinen palvelu<\/h3>\n<ul>\n<li><strong>Tuki<\/strong>: Voit luottaa takuun j\u00e4lkeiseen huoltoon ja helposti saatavilla oleviin varaosiin, jotka takaavat, ett\u00e4 teltta pysyy huippukunnossa my\u00f6s 2 vuoden takuuajan j\u00e4lkeen.<\/li>\n<\/ul>\n<h3>Miksi valita Voyager PRO 230?<\/h3>\n<p>Koe vertaansa vailla oleva mukavuus, kest\u00e4vyys ja mukavuus Voyager PRO 230 -kattoteltassa. Sen vankka rakenne, nopea asennus ja s\u00e4\u00e4nkest\u00e4v\u00e4t ominaisuudet tekev\u00e4t siit\u00e4 t\u00e4ydellisen kumppanin perheen seikkailuihin. Voyager PRO 230 takaa mukavan ja vaivattoman kokemuksen koko perheelle, olipa kyseess\u00e4 sitten kes\u00e4inen telttailu tai lumisissa maisemissa liikkuminen.<\/p>\n<p>Ota seikkailun henki vastaan Voyager PRO 230 -kattoteltassa, jossa tilava mukavuus kohtaa kest\u00e4vyyden ja tekee jokaisesta matkasta unohtumattoman.<\/p>\n","protected":false},"excerpt":{"rendered":"<p>Uskomattoman tilava, mukava perheiden kattoteltta. Suljettu korkea vain 25 cm ja 28 cm alumiiniprofiililla alla, pehme\u00e4 kaulus paremman teltan tuuletuksen takaamiseksi, kun se on suljettu, PRO-sarja on suunniteltu ymp\u00e4rivuotiseen matkustamiseen, koko flysheet on valmistettu WL-tech-materiaalista, vedenpit\u00e4v\u00e4 jopa PU 12000mm, 3-kerrosikkunat teltan kummallakin puolella, 360\u00b0panoraaman\u00e4kym\u00e4, T\u00e4ydellinen: teleskooppitikkaat 230 cm:n pituuteen asti, patja, kenk\u00e4taskut, LED-valo sis\u00e4ll\u00e4, 2 lis\u00e4jalkaa teltan tukemiseen ja tasoittamiseen, asennussarja sek\u00e4 ohjeet&#8221;<\/p>\n","protected":false},"featured_media":51163,"template":"","meta":[],"product_brand":[],"product_cat":[376,492],"product_tag":[],"class_list":{"0":"post-42861","1":"product","2":"type-product","3":"status-publish","4":"has-post-thumbnail","6":"product_cat-kattoteltat","7":"product_cat-wild-land-fi","9":"first","10":"onbackorder","11":"taxable","12":"shipping-taxable","13":"purchasable","14":"product-type-simple"},"yoast_head":"<!-- This site is optimized with the Yoast SEO plugin v27.3 - https:\/\/yoast.com\/product\/yoast-seo-wordpress\/ -->\n<title>Wild Land Voyager PRO 230 kattoteltta - BALTIC OVERLANDERS<\/title>\n<meta name=\"description\" content=\"Tutustu tilavaan perhekattotelttaamme: 360\u00b0 panoraaman\u00e4kym\u00e4, vedenpit\u00e4v\u00e4, ymp\u00e4rivuotinen k\u00e4ytt\u00f6, teleskooppitikkaat, LED-valo, patja ja paljon muuta. T\u00e4ydellinen seuraavaa seikkailua varten.\" \/>\n<meta name=\"robots\" content=\"index, follow, max-snippet:-1, max-image-preview:large, max-video-preview:-1\" \/>\n<link rel=\"canonical\" href=\"https:\/\/balticoverlanders.eu\/fi\/tuote\/wild-land-voyager-pro-230-kattoteltta\/\" \/>\n<meta property=\"og:locale\" content=\"fi_FI\" \/>\n<meta property=\"og:type\" content=\"article\" \/>\n<meta property=\"og:title\" content=\"Wild Land Voyager PRO 230 kattoteltta - BALTIC OVERLANDERS\" \/>\n<meta property=\"og:description\" content=\"Tutustu tilavaan perhekattotelttaamme: 360\u00b0 panoraaman\u00e4kym\u00e4, vedenpit\u00e4v\u00e4, ymp\u00e4rivuotinen k\u00e4ytt\u00f6, teleskooppitikkaat, LED-valo, patja ja paljon muuta. T\u00e4ydellinen seuraavaa seikkailua varten.\" \/>\n<meta property=\"og:url\" content=\"https:\/\/balticoverlanders.eu\/fi\/tuote\/wild-land-voyager-pro-230-kattoteltta\/\" \/>\n<meta property=\"og:site_name\" content=\"BALTIC OVERLANDERS\" \/>\n<meta property=\"article:modified_time\" content=\"2024-05-20T12:40:24+00:00\" \/>\n<meta property=\"og:image\" content=\"https:\/\/balticoverlanders.eu\/wp-content\/uploads\/2024\/05\/WhatsApp-Image-2024-05-18-at-1.45.28-PM.jpeg\" \/>\n\t<meta property=\"og:image:width\" content=\"1500\" \/>\n\t<meta property=\"og:image:height\" content=\"1000\" \/>\n\t<meta property=\"og:image:type\" content=\"image\/jpeg\" \/>\n<meta name=\"twitter:card\" content=\"summary_large_image\" \/>\n<meta name=\"twitter:label1\" content=\"Arvioitu lukuaika\" \/>\n\t<meta name=\"twitter:data1\" content=\"2 minuuttia\" \/>\n<script type=\"application\/ld+json\" class=\"yoast-schema-graph\">{\"@context\":\"https:\\\/\\\/schema.org\",\"@graph\":[{\"@type\":\"WebPage\",\"@id\":\"https:\\\/\\\/balticoverlanders.eu\\\/fi\\\/tuote\\\/wild-land-voyager-pro-230-kattoteltta\\\/\",\"url\":\"https:\\\/\\\/balticoverlanders.eu\\\/fi\\\/tuote\\\/wild-land-voyager-pro-230-kattoteltta\\\/\",\"name\":\"Wild Land Voyager PRO 230 kattoteltta - BALTIC OVERLANDERS\",\"isPartOf\":{\"@id\":\"https:\\\/\\\/balticoverlanders.eu\\\/fi\\\/#website\"},\"primaryImageOfPage\":{\"@id\":\"https:\\\/\\\/balticoverlanders.eu\\\/fi\\\/tuote\\\/wild-land-voyager-pro-230-kattoteltta\\\/#primaryimage\"},\"image\":{\"@id\":\"https:\\\/\\\/balticoverlanders.eu\\\/fi\\\/tuote\\\/wild-land-voyager-pro-230-kattoteltta\\\/#primaryimage\"},\"thumbnailUrl\":\"https:\\\/\\\/balticoverlanders.eu\\\/wp-content\\\/uploads\\\/2024\\\/05\\\/Wild-Land-Voyager-PRO-roof-top-tent_009-1-scaled.jpg\",\"datePublished\":\"2024-05-18T08:17:22+00:00\",\"dateModified\":\"2024-05-20T12:40:24+00:00\",\"description\":\"Tutustu tilavaan perhekattotelttaamme: 360\u00b0 panoraaman\u00e4kym\u00e4, vedenpit\u00e4v\u00e4, ymp\u00e4rivuotinen k\u00e4ytt\u00f6, teleskooppitikkaat, LED-valo, patja ja paljon muuta. T\u00e4ydellinen seuraavaa seikkailua varten.\",\"breadcrumb\":{\"@id\":\"https:\\\/\\\/balticoverlanders.eu\\\/fi\\\/tuote\\\/wild-land-voyager-pro-230-kattoteltta\\\/#breadcrumb\"},\"inLanguage\":\"fi\",\"potentialAction\":[{\"@type\":\"ReadAction\",\"target\":[\"https:\\\/\\\/balticoverlanders.eu\\\/fi\\\/tuote\\\/wild-land-voyager-pro-230-kattoteltta\\\/\"]}]},{\"@type\":\"ImageObject\",\"inLanguage\":\"fi\",\"@id\":\"https:\\\/\\\/balticoverlanders.eu\\\/fi\\\/tuote\\\/wild-land-voyager-pro-230-kattoteltta\\\/#primaryimage\",\"url\":\"https:\\\/\\\/balticoverlanders.eu\\\/wp-content\\\/uploads\\\/2024\\\/05\\\/Wild-Land-Voyager-PRO-roof-top-tent_009-1-scaled.jpg\",\"contentUrl\":\"https:\\\/\\\/balticoverlanders.eu\\\/wp-content\\\/uploads\\\/2024\\\/05\\\/Wild-Land-Voyager-PRO-roof-top-tent_009-1-scaled.jpg\",\"width\":2560,\"height\":1703},{\"@type\":\"BreadcrumbList\",\"@id\":\"https:\\\/\\\/balticoverlanders.eu\\\/fi\\\/tuote\\\/wild-land-voyager-pro-230-kattoteltta\\\/#breadcrumb\",\"itemListElement\":[{\"@type\":\"ListItem\",\"position\":1,\"name\":\"Home\",\"item\":\"https:\\\/\\\/balticoverlanders.eu\\\/fi\\\/?page_id=30138\"},{\"@type\":\"ListItem\",\"position\":2,\"name\":\"Kauppa\",\"item\":\"https:\\\/\\\/balticoverlanders.eu\\\/fi\\\/?page_id=30882\"},{\"@type\":\"ListItem\",\"position\":3,\"name\":\"Wild Land Voyager PRO 230 kattoteltta\"}]},{\"@type\":\"WebSite\",\"@id\":\"https:\\\/\\\/balticoverlanders.eu\\\/fi\\\/#website\",\"url\":\"https:\\\/\\\/balticoverlanders.eu\\\/fi\\\/\",\"name\":\"BALTIC OVERLANDERS\",\"description\":\"Your one-stop shop in Latvia, Estonia, and Lithuania for all your car camping, rooftop tent and accessory needs.\",\"potentialAction\":[{\"@type\":\"SearchAction\",\"target\":{\"@type\":\"EntryPoint\",\"urlTemplate\":\"https:\\\/\\\/balticoverlanders.eu\\\/fi\\\/?s={search_term_string}\"},\"query-input\":{\"@type\":\"PropertyValueSpecification\",\"valueRequired\":true,\"valueName\":\"search_term_string\"}}],\"inLanguage\":\"fi\"}]}<\/script>\n<!-- \/ Yoast SEO plugin. -->","yoast_head_json":{"title":"Wild Land Voyager PRO 230 kattoteltta - BALTIC OVERLANDERS","description":"Tutustu tilavaan perhekattotelttaamme: 360\u00b0 panoraaman\u00e4kym\u00e4, vedenpit\u00e4v\u00e4, ymp\u00e4rivuotinen k\u00e4ytt\u00f6, teleskooppitikkaat, LED-valo, patja ja paljon muuta. T\u00e4ydellinen seuraavaa seikkailua varten.","robots":{"index":"index","follow":"follow","max-snippet":"max-snippet:-1","max-image-preview":"max-image-preview:large","max-video-preview":"max-video-preview:-1"},"canonical":"https:\/\/balticoverlanders.eu\/fi\/tuote\/wild-land-voyager-pro-230-kattoteltta\/","og_locale":"fi_FI","og_type":"article","og_title":"Wild Land Voyager PRO 230 kattoteltta - BALTIC OVERLANDERS","og_description":"Tutustu tilavaan perhekattotelttaamme: 360\u00b0 panoraaman\u00e4kym\u00e4, vedenpit\u00e4v\u00e4, ymp\u00e4rivuotinen k\u00e4ytt\u00f6, teleskooppitikkaat, LED-valo, patja ja paljon muuta. T\u00e4ydellinen seuraavaa seikkailua varten.","og_url":"https:\/\/balticoverlanders.eu\/fi\/tuote\/wild-land-voyager-pro-230-kattoteltta\/","og_site_name":"BALTIC OVERLANDERS","article_modified_time":"2024-05-20T12:40:24+00:00","og_image":[{"width":1500,"height":1000,"url":"https:\/\/balticoverlanders.eu\/wp-content\/uploads\/2024\/05\/WhatsApp-Image-2024-05-18-at-1.45.28-PM.jpeg","type":"image\/jpeg"}],"twitter_card":"summary_large_image","twitter_misc":{"Arvioitu lukuaika":"2 minuuttia"},"schema":{"@context":"https:\/\/schema.org","@graph":[{"@type":"WebPage","@id":"https:\/\/balticoverlanders.eu\/fi\/tuote\/wild-land-voyager-pro-230-kattoteltta\/","url":"https:\/\/balticoverlanders.eu\/fi\/tuote\/wild-land-voyager-pro-230-kattoteltta\/","name":"Wild Land Voyager PRO 230 kattoteltta - BALTIC OVERLANDERS","isPartOf":{"@id":"https:\/\/balticoverlanders.eu\/fi\/#website"},"primaryImageOfPage":{"@id":"https:\/\/balticoverlanders.eu\/fi\/tuote\/wild-land-voyager-pro-230-kattoteltta\/#primaryimage"},"image":{"@id":"https:\/\/balticoverlanders.eu\/fi\/tuote\/wild-land-voyager-pro-230-kattoteltta\/#primaryimage"},"thumbnailUrl":"https:\/\/balticoverlanders.eu\/wp-content\/uploads\/2024\/05\/Wild-Land-Voyager-PRO-roof-top-tent_009-1-scaled.jpg","datePublished":"2024-05-18T08:17:22+00:00","dateModified":"2024-05-20T12:40:24+00:00","description":"Tutustu tilavaan perhekattotelttaamme: 360\u00b0 panoraaman\u00e4kym\u00e4, vedenpit\u00e4v\u00e4, ymp\u00e4rivuotinen k\u00e4ytt\u00f6, teleskooppitikkaat, LED-valo, patja ja paljon muuta. T\u00e4ydellinen seuraavaa seikkailua varten.","breadcrumb":{"@id":"https:\/\/balticoverlanders.eu\/fi\/tuote\/wild-land-voyager-pro-230-kattoteltta\/#breadcrumb"},"inLanguage":"fi","potentialAction":[{"@type":"ReadAction","target":["https:\/\/balticoverlanders.eu\/fi\/tuote\/wild-land-voyager-pro-230-kattoteltta\/"]}]},{"@type":"ImageObject","inLanguage":"fi","@id":"https:\/\/balticoverlanders.eu\/fi\/tuote\/wild-land-voyager-pro-230-kattoteltta\/#primaryimage","url":"https:\/\/balticoverlanders.eu\/wp-content\/uploads\/2024\/05\/Wild-Land-Voyager-PRO-roof-top-tent_009-1-scaled.jpg","contentUrl":"https:\/\/balticoverlanders.eu\/wp-content\/uploads\/2024\/05\/Wild-Land-Voyager-PRO-roof-top-tent_009-1-scaled.jpg","width":2560,"height":1703},{"@type":"BreadcrumbList","@id":"https:\/\/balticoverlanders.eu\/fi\/tuote\/wild-land-voyager-pro-230-kattoteltta\/#breadcrumb","itemListElement":[{"@type":"ListItem","position":1,"name":"Home","item":"https:\/\/balticoverlanders.eu\/fi\/?page_id=30138"},{"@type":"ListItem","position":2,"name":"Kauppa","item":"https:\/\/balticoverlanders.eu\/fi\/?page_id=30882"},{"@type":"ListItem","position":3,"name":"Wild Land Voyager PRO 230 kattoteltta"}]},{"@type":"WebSite","@id":"https:\/\/balticoverlanders.eu\/fi\/#website","url":"https:\/\/balticoverlanders.eu\/fi\/","name":"BALTIC OVERLANDERS","description":"Your one-stop shop in Latvia, Estonia, and Lithuania for all your car camping, rooftop tent and accessory needs.","potentialAction":[{"@type":"SearchAction","target":{"@type":"EntryPoint","urlTemplate":"https:\/\/balticoverlanders.eu\/fi\/?s={search_term_string}"},"query-input":{"@type":"PropertyValueSpecification","valueRequired":true,"valueName":"search_term_string"}}],"inLanguage":"fi"}]}},"_links":{"self":[{"href":"https:\/\/balticoverlanders.eu\/fi\/wp-json\/wp\/v2\/product\/42861","targetHints":{"allow":["GET"]}}],"collection":[{"href":"https:\/\/balticoverlanders.eu\/fi\/wp-json\/wp\/v2\/product"}],"about":[{"href":"https:\/\/balticoverlanders.eu\/fi\/wp-json\/wp\/v2\/types\/product"}],"wp:featuredmedia":[{"embeddable":true,"href":"https:\/\/balticoverlanders.eu\/fi\/wp-json\/wp\/v2\/media\/51163"}],"wp:attachment":[{"href":"https:\/\/balticoverlanders.eu\/fi\/wp-json\/wp\/v2\/media?parent=42861"}],"wp:term":[{"taxonomy":"product_brand","embeddable":true,"href":"https:\/\/balticoverlanders.eu\/fi\/wp-json\/wp\/v2\/product_brand?post=42861"},{"taxonomy":"product_cat","embeddable":true,"href":"https:\/\/balticoverlanders.eu\/fi\/wp-json\/wp\/v2\/product_cat?post=42861"},{"taxonomy":"product_tag","embeddable":true,"href":"https:\/\/balticoverlanders.eu\/fi\/wp-json\/wp\/v2\/product_tag?post=42861"}],"curies":[{"name":"wp","href":"https:\/\/api.w.org\/{rel}","templated":true}]}}