{"id":29697,"date":"2023-04-13T11:23:46","date_gmt":"2023-04-13T08:23:46","guid":{"rendered":"https:\/\/balticoverlanders.eu\/product\/alu-cab-gen-3-r-taktalt-med-hart-skal\/"},"modified":"2024-01-31T23:11:28","modified_gmt":"2024-01-31T21:11:28","slug":"alu-cab-gen-3-r-taktalt-med-hart-skal","status":"publish","type":"product","link":"https:\/\/balticoverlanders.eu\/sv\/produkt\/alu-cab-gen-3-r-taktalt-med-hart-skal\/","title":{"rendered":"Alu-Cab Gen 3-R takt\u00e4lt med h\u00e5rt skal"},"content":{"rendered":"<p>RT-R-B:s takmonterade t\u00e4lt har en rad olika funktioner, bland annat<\/p>\n<ul>\n<li>Ett nytt formspr\u00e5k som kombinerar estetik med funktionalitet<\/li>\n<li>En v\u00e4rmeport f\u00f6r att h\u00e5lla dig varm vid kallare v\u00e4der<\/li>\n<li>En inbyggd solpanel f\u00f6r extra bekv\u00e4mlighet<\/li>\n<\/ul>\n<p>Pop-up-t\u00e4lt p\u00e5 tak erbjuder en rad f\u00f6rdelar, bland annat<\/p>\n<ul>\n<li>M\u00f6jlighet att packa t\u00e4lt och madrass p\u00e5 biltaket, vilket sparar v\u00e4rdefullt packutrymme<\/li>\n<li>Snabb och enkel installation, ger skydd mot alla typer av v\u00e4der<\/li>\n<li>V\u00e5rt h\u00e5rda skal \u00e4r mer motst\u00e5ndskraftigt mot v\u00e4derf\u00f6rh\u00e5llanden och h\u00e5ller l\u00e4ngre \u00e4n motsvarande mjuka skal<\/li>\n<\/ul>\n<p>Viktiga egenskaper som utm\u00e4rker v\u00e5rt takt\u00e4lt med h\u00e5rt skal \u00e4r t.ex:<\/p>\n<ol>\n<li>Komfort och bekv\u00e4mlighet:<\/li>\n<\/ol>\n<ul>\n<li>En gener\u00f6s 75 mm skummadrass med h\u00f6g densitet f\u00f6r maximal komfort<\/li>\n<li>L\u00e4slampa, USB-laddningsportar och 12V-uttag f\u00f6r bekv\u00e4mlighet<\/li>\n<li>F\u00f6rvaringsfickor f\u00f6r att h\u00e5lla dina tillh\u00f6righeter organiserade och l\u00e4ttillg\u00e4ngliga<\/li>\n<\/ul>\n<ol start=\"2\">\n<li>Funktionalitet:<\/li>\n<\/ol>\n<ul>\n<li>Robust aluminiumh\u00f6lje f\u00f6r montering av Alu-Cab lastst\u00e4nger, s\u00e5 att du kan packa skrymmande f\u00f6rem\u00e5l ovanp\u00e5 t\u00e4ltet<\/li>\n<li>Du kan fortfarande packa utrustning p\u00e5 biltaket medan du anv\u00e4nder t\u00e4ltet, till skillnad fr\u00e5n andra takmonterade t\u00e4lt<\/li>\n<\/ul>\n<ol start=\"3\">\n<li>Isolering:<\/li>\n<\/ol>\n<ul>\n<li>Gener\u00f6s isolering i takkonstruktionen och underredet med t\u00e4tcelligt skum f\u00f6r komfort och isolering \u00e5ret runt<\/li>\n<li>Markis \u00f6ver bakd\u00f6rren f\u00f6r att h\u00e5lla regn, sn\u00f6 och frost borta fr\u00e5n den bakre \u00f6ppningen<\/li>\n<\/ul>\n<p>Uppgradera din campingupplevelse med Gen 3-R Hard Top-t\u00e4ltet, som erbjuder<\/p>\n<ul>\n<li>H\u00e5llbarhet, m\u00e5ngsidighet och anv\u00e4ndarv\u00e4nlighet<\/li>\n<li>Ett rymligt, snabbt pitchande hem l\u00e5ngt hemifr\u00e5n<\/li>\n<li>Utvecklade funktioner som g\u00f6r den extremt bekv\u00e4m och funktionell f\u00f6r extrema \u00e4ventyrsresen\u00e4rer \u00f6ver hela v\u00e4rlden.<\/li>\n<\/ul>\n","protected":false},"excerpt":{"rendered":"<p>Den senaste versionen av v\u00e5rt takt\u00e4lt, Gen 3-R, \u00e4r utrustad med f\u00f6rb\u00e4ttrade funktioner, bland annat<\/p>\n<ul>\n<li>Ett omarbetat utseende som ger den en snyggare look och \u00f6kar dess strukturella stabilitet.<\/li>\n<li>Som standard ing\u00e5r en v\u00e4rmeventil och en solpanel f\u00f6r extra bekv\u00e4mlighet.<\/li>\n<li>En viktreduktion till 76 kg f\u00f6r f\u00f6rb\u00e4ttrad b\u00e4rbarhet.<\/li>\n<li>Extra tillbeh\u00f6r som ryggst\u00f6d och nedf\u00e4llbart bord finns att k\u00f6pa separat.<\/li>\n<\/ul>\n","protected":false},"featured_media":19145,"template":"","meta":[],"product_brand":[],"product_cat":[382,381],"product_tag":[],"class_list":{"0":"post-29697","1":"product","2":"type-product","3":"status-publish","4":"has-post-thumbnail","6":"product_cat-alu-cab-sv","7":"product_cat-talt-pa-tak","9":"first","10":"onbackorder","11":"taxable","12":"shipping-taxable","13":"purchasable","14":"product-type-simple"},"yoast_head":"<!-- This site is optimized with the Yoast SEO plugin v27.3 - https:\/\/yoast.com\/product\/yoast-seo-wordpress\/ -->\n<title>Alu-Cab Gen 3-R takt\u00e4lt med h\u00e5rt skal - BALTIC OVERLANDERS<\/title>\n<meta name=\"robots\" content=\"index, follow, max-snippet:-1, max-image-preview:large, max-video-preview:-1\" \/>\n<link rel=\"canonical\" href=\"https:\/\/balticoverlanders.eu\/sv\/produkt\/alu-cab-gen-3-r-taktalt-med-hart-skal\/\" \/>\n<meta property=\"og:locale\" content=\"sv_SE\" \/>\n<meta property=\"og:type\" content=\"article\" \/>\n<meta property=\"og:title\" content=\"Alu-Cab Gen 3-R takt\u00e4lt med h\u00e5rt skal - BALTIC OVERLANDERS\" \/>\n<meta property=\"og:description\" content=\"Den senaste versionen av v\u00e5rt takt\u00e4lt, Gen 3-R, \u00e4r utrustad med f\u00f6rb\u00e4ttrade funktioner, bland annat  Ett omarbetat utseende som ger den en snyggare look och \u00f6kar dess strukturella stabilitet.  Som standard ing\u00e5r en v\u00e4rmeventil och en solpanel f\u00f6r extra bekv\u00e4mlighet.  En viktreduktion till 76 kg f\u00f6r f\u00f6rb\u00e4ttrad b\u00e4rbarhet.  Extra tillbeh\u00f6r som ryggst\u00f6d och nedf\u00e4llbart bord finns att k\u00f6pa separat.\" \/>\n<meta property=\"og:url\" content=\"https:\/\/balticoverlanders.eu\/sv\/produkt\/alu-cab-gen-3-r-taktalt-med-hart-skal\/\" \/>\n<meta property=\"og:site_name\" content=\"BALTIC OVERLANDERS\" \/>\n<meta property=\"article:modified_time\" content=\"2024-01-31T21:11:28+00:00\" \/>\n<meta property=\"og:image\" content=\"https:\/\/balticoverlanders.eu\/wp-content\/uploads\/2023\/04\/1-1.jpg\" \/>\n\t<meta property=\"og:image:width\" content=\"1200\" \/>\n\t<meta property=\"og:image:height\" content=\"800\" \/>\n\t<meta property=\"og:image:type\" content=\"image\/jpeg\" \/>\n<meta name=\"twitter:card\" content=\"summary_large_image\" \/>\n<meta name=\"twitter:label1\" content=\"Ber\u00e4knad l\u00e4stid\" \/>\n\t<meta name=\"twitter:data1\" content=\"1 minut\" \/>\n<script type=\"application\/ld+json\" class=\"yoast-schema-graph\">{\"@context\":\"https:\\\/\\\/schema.org\",\"@graph\":[{\"@type\":\"WebPage\",\"@id\":\"https:\\\/\\\/balticoverlanders.eu\\\/sv\\\/produkt\\\/alu-cab-gen-3-r-taktalt-med-hart-skal\\\/\",\"url\":\"https:\\\/\\\/balticoverlanders.eu\\\/sv\\\/produkt\\\/alu-cab-gen-3-r-taktalt-med-hart-skal\\\/\",\"name\":\"Alu-Cab Gen 3-R takt\u00e4lt med h\u00e5rt skal - BALTIC OVERLANDERS\",\"isPartOf\":{\"@id\":\"https:\\\/\\\/balticoverlanders.eu\\\/sv\\\/#website\"},\"primaryImageOfPage\":{\"@id\":\"https:\\\/\\\/balticoverlanders.eu\\\/sv\\\/produkt\\\/alu-cab-gen-3-r-taktalt-med-hart-skal\\\/#primaryimage\"},\"image\":{\"@id\":\"https:\\\/\\\/balticoverlanders.eu\\\/sv\\\/produkt\\\/alu-cab-gen-3-r-taktalt-med-hart-skal\\\/#primaryimage\"},\"thumbnailUrl\":\"https:\\\/\\\/balticoverlanders.eu\\\/wp-content\\\/uploads\\\/2023\\\/04\\\/1-1.jpg\",\"datePublished\":\"2023-04-13T08:23:46+00:00\",\"dateModified\":\"2024-01-31T21:11:28+00:00\",\"breadcrumb\":{\"@id\":\"https:\\\/\\\/balticoverlanders.eu\\\/sv\\\/produkt\\\/alu-cab-gen-3-r-taktalt-med-hart-skal\\\/#breadcrumb\"},\"inLanguage\":\"sv-SE\",\"potentialAction\":[{\"@type\":\"ReadAction\",\"target\":[\"https:\\\/\\\/balticoverlanders.eu\\\/sv\\\/produkt\\\/alu-cab-gen-3-r-taktalt-med-hart-skal\\\/\"]}]},{\"@type\":\"ImageObject\",\"inLanguage\":\"sv-SE\",\"@id\":\"https:\\\/\\\/balticoverlanders.eu\\\/sv\\\/produkt\\\/alu-cab-gen-3-r-taktalt-med-hart-skal\\\/#primaryimage\",\"url\":\"https:\\\/\\\/balticoverlanders.eu\\\/wp-content\\\/uploads\\\/2023\\\/04\\\/1-1.jpg\",\"contentUrl\":\"https:\\\/\\\/balticoverlanders.eu\\\/wp-content\\\/uploads\\\/2023\\\/04\\\/1-1.jpg\",\"width\":1200,\"height\":800},{\"@type\":\"BreadcrumbList\",\"@id\":\"https:\\\/\\\/balticoverlanders.eu\\\/sv\\\/produkt\\\/alu-cab-gen-3-r-taktalt-med-hart-skal\\\/#breadcrumb\",\"itemListElement\":[{\"@type\":\"ListItem\",\"position\":1,\"name\":\"Home\",\"item\":\"https:\\\/\\\/balticoverlanders.eu\\\/sv\\\/?page_id=30156\"},{\"@type\":\"ListItem\",\"position\":2,\"name\":\"Butik\",\"item\":\"https:\\\/\\\/balticoverlanders.eu\\\/sv\\\/?page_id=30894\"},{\"@type\":\"ListItem\",\"position\":3,\"name\":\"Alu-Cab Gen 3-R takt\u00e4lt med h\u00e5rt skal\"}]},{\"@type\":\"WebSite\",\"@id\":\"https:\\\/\\\/balticoverlanders.eu\\\/sv\\\/#website\",\"url\":\"https:\\\/\\\/balticoverlanders.eu\\\/sv\\\/\",\"name\":\"BALTIC OVERLANDERS\",\"description\":\"Your one-stop shop in Latvia, Estonia, and Lithuania for all your car camping, rooftop tent and accessory needs.\",\"potentialAction\":[{\"@type\":\"SearchAction\",\"target\":{\"@type\":\"EntryPoint\",\"urlTemplate\":\"https:\\\/\\\/balticoverlanders.eu\\\/sv\\\/?s={search_term_string}\"},\"query-input\":{\"@type\":\"PropertyValueSpecification\",\"valueRequired\":true,\"valueName\":\"search_term_string\"}}],\"inLanguage\":\"sv-SE\"}]}<\/script>\n<!-- \/ Yoast SEO plugin. -->","yoast_head_json":{"title":"Alu-Cab Gen 3-R takt\u00e4lt med h\u00e5rt skal - BALTIC OVERLANDERS","robots":{"index":"index","follow":"follow","max-snippet":"max-snippet:-1","max-image-preview":"max-image-preview:large","max-video-preview":"max-video-preview:-1"},"canonical":"https:\/\/balticoverlanders.eu\/sv\/produkt\/alu-cab-gen-3-r-taktalt-med-hart-skal\/","og_locale":"sv_SE","og_type":"article","og_title":"Alu-Cab Gen 3-R takt\u00e4lt med h\u00e5rt skal - BALTIC OVERLANDERS","og_description":"Den senaste versionen av v\u00e5rt takt\u00e4lt, Gen 3-R, \u00e4r utrustad med f\u00f6rb\u00e4ttrade funktioner, bland annat  Ett omarbetat utseende som ger den en snyggare look och \u00f6kar dess strukturella stabilitet.  Som standard ing\u00e5r en v\u00e4rmeventil och en solpanel f\u00f6r extra bekv\u00e4mlighet.  En viktreduktion till 76 kg f\u00f6r f\u00f6rb\u00e4ttrad b\u00e4rbarhet.  Extra tillbeh\u00f6r som ryggst\u00f6d och nedf\u00e4llbart bord finns att k\u00f6pa separat.","og_url":"https:\/\/balticoverlanders.eu\/sv\/produkt\/alu-cab-gen-3-r-taktalt-med-hart-skal\/","og_site_name":"BALTIC OVERLANDERS","article_modified_time":"2024-01-31T21:11:28+00:00","og_image":[{"width":1200,"height":800,"url":"https:\/\/balticoverlanders.eu\/wp-content\/uploads\/2023\/04\/1-1.jpg","type":"image\/jpeg"}],"twitter_card":"summary_large_image","twitter_misc":{"Ber\u00e4knad l\u00e4stid":"1 minut"},"schema":{"@context":"https:\/\/schema.org","@graph":[{"@type":"WebPage","@id":"https:\/\/balticoverlanders.eu\/sv\/produkt\/alu-cab-gen-3-r-taktalt-med-hart-skal\/","url":"https:\/\/balticoverlanders.eu\/sv\/produkt\/alu-cab-gen-3-r-taktalt-med-hart-skal\/","name":"Alu-Cab Gen 3-R takt\u00e4lt med h\u00e5rt skal - BALTIC OVERLANDERS","isPartOf":{"@id":"https:\/\/balticoverlanders.eu\/sv\/#website"},"primaryImageOfPage":{"@id":"https:\/\/balticoverlanders.eu\/sv\/produkt\/alu-cab-gen-3-r-taktalt-med-hart-skal\/#primaryimage"},"image":{"@id":"https:\/\/balticoverlanders.eu\/sv\/produkt\/alu-cab-gen-3-r-taktalt-med-hart-skal\/#primaryimage"},"thumbnailUrl":"https:\/\/balticoverlanders.eu\/wp-content\/uploads\/2023\/04\/1-1.jpg","datePublished":"2023-04-13T08:23:46+00:00","dateModified":"2024-01-31T21:11:28+00:00","breadcrumb":{"@id":"https:\/\/balticoverlanders.eu\/sv\/produkt\/alu-cab-gen-3-r-taktalt-med-hart-skal\/#breadcrumb"},"inLanguage":"sv-SE","potentialAction":[{"@type":"ReadAction","target":["https:\/\/balticoverlanders.eu\/sv\/produkt\/alu-cab-gen-3-r-taktalt-med-hart-skal\/"]}]},{"@type":"ImageObject","inLanguage":"sv-SE","@id":"https:\/\/balticoverlanders.eu\/sv\/produkt\/alu-cab-gen-3-r-taktalt-med-hart-skal\/#primaryimage","url":"https:\/\/balticoverlanders.eu\/wp-content\/uploads\/2023\/04\/1-1.jpg","contentUrl":"https:\/\/balticoverlanders.eu\/wp-content\/uploads\/2023\/04\/1-1.jpg","width":1200,"height":800},{"@type":"BreadcrumbList","@id":"https:\/\/balticoverlanders.eu\/sv\/produkt\/alu-cab-gen-3-r-taktalt-med-hart-skal\/#breadcrumb","itemListElement":[{"@type":"ListItem","position":1,"name":"Home","item":"https:\/\/balticoverlanders.eu\/sv\/?page_id=30156"},{"@type":"ListItem","position":2,"name":"Butik","item":"https:\/\/balticoverlanders.eu\/sv\/?page_id=30894"},{"@type":"ListItem","position":3,"name":"Alu-Cab Gen 3-R takt\u00e4lt med h\u00e5rt skal"}]},{"@type":"WebSite","@id":"https:\/\/balticoverlanders.eu\/sv\/#website","url":"https:\/\/balticoverlanders.eu\/sv\/","name":"BALTIC OVERLANDERS","description":"Your one-stop shop in Latvia, Estonia, and Lithuania for all your car camping, rooftop tent and accessory needs.","potentialAction":[{"@type":"SearchAction","target":{"@type":"EntryPoint","urlTemplate":"https:\/\/balticoverlanders.eu\/sv\/?s={search_term_string}"},"query-input":{"@type":"PropertyValueSpecification","valueRequired":true,"valueName":"search_term_string"}}],"inLanguage":"sv-SE"}]}},"_links":{"self":[{"href":"https:\/\/balticoverlanders.eu\/sv\/wp-json\/wp\/v2\/product\/29697","targetHints":{"allow":["GET"]}}],"collection":[{"href":"https:\/\/balticoverlanders.eu\/sv\/wp-json\/wp\/v2\/product"}],"about":[{"href":"https:\/\/balticoverlanders.eu\/sv\/wp-json\/wp\/v2\/types\/product"}],"wp:featuredmedia":[{"embeddable":true,"href":"https:\/\/balticoverlanders.eu\/sv\/wp-json\/wp\/v2\/media\/19145"}],"wp:attachment":[{"href":"https:\/\/balticoverlanders.eu\/sv\/wp-json\/wp\/v2\/media?parent=29697"}],"wp:term":[{"taxonomy":"product_brand","embeddable":true,"href":"https:\/\/balticoverlanders.eu\/sv\/wp-json\/wp\/v2\/product_brand?post=29697"},{"taxonomy":"product_cat","embeddable":true,"href":"https:\/\/balticoverlanders.eu\/sv\/wp-json\/wp\/v2\/product_cat?post=29697"},{"taxonomy":"product_tag","embeddable":true,"href":"https:\/\/balticoverlanders.eu\/sv\/wp-json\/wp\/v2\/product_tag?post=29697"}],"curies":[{"name":"wp","href":"https:\/\/api.w.org\/{rel}","templated":true}]}}