{"id":42859,"date":"2024-05-18T11:17:22","date_gmt":"2024-05-18T08:17:22","guid":{"rendered":"https:\/\/balticoverlanders.eu\/product\/wild-land-voyager-pro-230-taktalt\/"},"modified":"2024-05-20T15:40:22","modified_gmt":"2024-05-20T12:40:22","slug":"wild-land-voyager-pro-230-taktalt","status":"publish","type":"product","link":"https:\/\/balticoverlanders.eu\/sv\/produkt\/wild-land-voyager-pro-230-taktalt\/","title":{"rendered":"Wild Land Voyager PRO 230 takt\u00e4lt"},"content":{"rendered":"<h2>Voyager PRO 230 Takt\u00e4lt: Din ultimata campingkompis f\u00f6r hela familjen<\/h2>\n<h3>\u00d6versikt<\/h3>\n<p>Vi presenterar Voyager PRO 230 Roof Tent, ett otroligt rymligt och bekv\u00e4mt takt\u00e4lt som \u00e4r utformat f\u00f6r familjer och resor \u00e5ret runt. Det h\u00e4r t\u00e4ltet \u00e4r omslutet av ett robust aluminiumh\u00f6lje och \u00e4r byggt f\u00f6r att klara alla v\u00e4derf\u00f6rh\u00e5llanden, vilket garanterar en mysig tillflyktsort oavsett vart dina \u00e4ventyr tar dig.<\/p>\n<h3>Viktiga funktioner<\/h3>\n<h4><strong>Rymlig och kompakt design<\/strong><\/h4>\n<ul>\n<li><strong>Sovplats<\/strong>: Gener\u00f6s storlek p\u00e5 230&#215;200 cm, vilket ger gott om plats f\u00f6r hela familjen.<\/li>\n<li>Vikna <strong>m\u00e5tt<\/strong>: N\u00e4r t\u00e4ltet \u00e4r hopf\u00e4llt \u00e4r det bara 29 cm h\u00f6gt, vilket g\u00f6r det l\u00e4ttare \u00e4n en vanlig takbox och perfekt f\u00f6r b\u00e5de stora fordon och familjens kombibilar.<\/li>\n<li><strong>Vikt<\/strong>: Trots den stora sovytan v\u00e4ger t\u00e4ltet bara 66 kg, vilket g\u00f6r det enkelt att transportera och montera.<\/li>\n<\/ul>\n<h4><strong>Slitstark konstruktion<\/strong><\/h4>\n<ul>\n<li><strong>Material<\/strong>: Underlaget \u00e4r tillverkat av det patenterade WL-tech-materialet som ger ett PU-vattenmotst\u00e5nd p\u00e5 12000 mm. Den har h\u00f6g andningsf\u00f6rm\u00e5ga, \u00e4r motst\u00e5ndskraftig mot skador och deformation och garanterar m\u00f6rker i t\u00e4ltet f\u00f6r oavbruten s\u00f6mn.<\/li>\n<li><strong>3-lagers f\u00f6nster<\/strong>: Utrustad med huvudt\u00e4ltmaterial, myggn\u00e4t och transparenta lager f\u00f6r att ge komfort i alla v\u00e4der, inklusive starka vindar, kraftigt regn och sn\u00f6.<\/li>\n<\/ul>\n<h4><strong>V\u00e4derbest\u00e4ndig<\/strong><\/h4>\n<ul>\n<li><strong>Hela tropikerna<\/strong>: T\u00e4ltets design inkluderar hela tropikerna f\u00f6r extra v\u00e4derskydd, vilket garanterar komfort under sv\u00e5ra f\u00f6rh\u00e5llanden.<\/li>\n<li><strong>Isolerat huvudt\u00e4lt<\/strong>: Den \u00f6vre delen av t\u00e4ltet \u00e4r tillverkad av isolerat material, vilket f\u00f6rhindrar \u00f6verdriven uppv\u00e4rmning under varma dagar och bibeh\u00e5ller v\u00e4rmen vid svalare temperaturer. Denna konstruktion minskar ocks\u00e5 kondensbildningen genom att minimera temperaturskillnaderna.<\/li>\n<\/ul>\n<h3>Komfort och bekv\u00e4mlighet<\/h3>\n<h4><strong>Snabbinst\u00e4llning<\/strong><\/h4>\n<ul>\n<li><strong>Enkel att anv\u00e4nda<\/strong>: F\u00e4lls ut och ihop p\u00e5 mindre \u00e4n en minut med n\u00e5gra enkla r\u00f6relser, vilket eliminerar behovet av ytterligare pinnar eller f\u00f6nsterskydd.<\/li>\n<\/ul>\n<h4><strong>Interi\u00f6rfunktioner<\/strong><\/h4>\n<ul>\n<li><strong>Panoramaf\u00f6nster<\/strong>: Njut av hisnande vyer fr\u00e5n alla sidor av t\u00e4ltet, med myggn\u00e4t p\u00e5 f\u00f6nster och ing\u00e5ngar f\u00f6r att h\u00e5lla insekter ute.<\/li>\n<li><strong>F\u00f6rvaringsfickor<\/strong>: Fickor i olika storlekar inuti t\u00e4ltet f\u00f6r f\u00f6rvaring av praktiska f\u00f6rem\u00e5l, s\u00e5 att allt finns inom r\u00e4ckh\u00e5ll.<\/li>\n<li><strong>LED-belysning<\/strong>: Inkluderar en flexibel LED-remsa med USB-utg\u00e5ng f\u00f6r praktisk belysning inuti t\u00e4ltet.<\/li>\n<\/ul>\n<h4><strong>Bekv\u00e4m madrass<\/strong><\/h4>\n<ul>\n<li><strong>Design<\/strong>: Den 5 cm tjocka madrassen \u00e4r ett enda, icke-separerbart element som ger komfort och stabilitet utan irriterande f\u00f6rskjutningar i lederna. Skyddet \u00e4r tillverkat av ett material som \u00e4r behagligt att ta p\u00e5.<\/li>\n<\/ul>\n<h4><strong>Ventilation<\/strong><\/h4>\n<ul>\n<li><strong>Luftcirkulation<\/strong>: Extra ventilationsh\u00e5l f\u00f6rhindrar kondensering av \u00e5nga, \u00e4ven vid stora temperaturskillnader.<\/li>\n<\/ul>\n<h3>Ytterligare funktioner<\/h3>\n<h4><strong>Teleskopisk stege av aluminium<\/strong><\/h4>\n<ul>\n<li><strong>Design<\/strong>: En teleskopstege i svart aluminium som \u00e4r avtagbar och kan f\u00f6rvaras inuti t\u00e4ltet eller i bilen efter hopf\u00e4llning.<\/li>\n<\/ul>\n<h4><strong>Avtagbara element<\/strong><\/h4>\n<ul>\n<li><strong>Underh\u00e5ll<\/strong>: Alla delar av t\u00e4ltet \u00e4r helt avtagbara f\u00f6r enkel reng\u00f6ring och underh\u00e5ll. Madrass\u00f6verdraget kan tv\u00e4ttas och materialet kan \u00e5terimpregneras f\u00f6r l\u00e5ng livsl\u00e4ngd.<\/li>\n<\/ul>\n<h3>Service efter garantitiden<\/h3>\n<ul>\n<li><strong>Support<\/strong>: \u00c4ven efter den 2-\u00e5riga garantiperioden kan du lita p\u00e5 service efter garantin med l\u00e4ttillg\u00e4ngliga reservdelar, vilket s\u00e4kerst\u00e4ller att ditt t\u00e4lt f\u00f6rblir i toppskick.<\/li>\n<\/ul>\n<h3>Varf\u00f6r v\u00e4lja Voyager PRO 230?<\/h3>\n<p>Upplev o\u00f6vertr\u00e4ffad komfort, h\u00e5llbarhet och bekv\u00e4mlighet med Voyager PRO 230 Roof Tent. Dess robusta design, snabba installation och v\u00e4derbest\u00e4ndiga egenskaper g\u00f6r den till den ultimata f\u00f6ljeslagaren f\u00f6r familje\u00e4ventyr. Oavsett om du campar p\u00e5 sommaren eller utforskar sn\u00f6iga landskap ger Voyager PRO 230 en bekv\u00e4m och problemfri upplevelse f\u00f6r hela familjen.<\/p>\n<p>Omfamna \u00e4ventyrsandan med Voyager PRO 230-takt\u00e4ltet &#8211; d\u00e4r rymlig komfort m\u00f6ter h\u00e5llbarhet, vilket g\u00f6r varje resa of\u00f6rgl\u00f6mlig.<\/p>\n","protected":false},"excerpt":{"rendered":"<p>Ett otroligt rymligt och bekv\u00e4mt familjetakst\u00e4lt. St\u00e4ngt h\u00f6gt bara 25 cm och 28 cm med aluminiumprofil under, mjuk krage f\u00f6r b\u00e4ttre t\u00e4ltventilation n\u00e4r det \u00e4r st\u00e4ngt, PRO-serien har utformats f\u00f6r resor \u00e5ret runt, hela \u00f6verdraget \u00e4r tillverkat av WL-tech-material, vattent\u00e4tt upp till PU 12000 mm, 3-lagers f\u00f6nster p\u00e5 varje sida av t\u00e4ltet, 360\u00b0 panoramautsikt, Komplett med: teleskopstege upp till 230 cm l\u00e4ngd, madrass, skofickor, LED-lampa inuti, 2 extra ben f\u00f6r att st\u00f6dja och nivellera t\u00e4ltet, monteringssats tillsammans med instruktioner&#8221;<\/p>\n","protected":false},"featured_media":51163,"template":"","meta":[],"product_brand":[],"product_cat":[381,488],"product_tag":[],"class_list":{"0":"post-42859","1":"product","2":"type-product","3":"status-publish","4":"has-post-thumbnail","6":"product_cat-talt-pa-tak","7":"product_cat-vildmark","9":"first","10":"onbackorder","11":"taxable","12":"shipping-taxable","13":"purchasable","14":"product-type-simple"},"yoast_head":"<!-- This site is optimized with the Yoast SEO plugin v27.3 - https:\/\/yoast.com\/product\/yoast-seo-wordpress\/ -->\n<title>Wild Land Voyager PRO 230 takt\u00e4lt - BALTIC OVERLANDERS<\/title>\n<meta name=\"description\" content=\"Uppt\u00e4ck v\u00e5rt rymliga familjetakst\u00e4lt: 360\u00b0 panoramavy, vattent\u00e4tt, \u00e5ret runt-anv\u00e4ndning, teleskopstege, LED-lampa, madrass och mycket mer. Perfekt f\u00f6r ditt n\u00e4sta \u00e4ventyr.\" \/>\n<meta name=\"robots\" content=\"index, follow, max-snippet:-1, max-image-preview:large, max-video-preview:-1\" \/>\n<link rel=\"canonical\" href=\"https:\/\/balticoverlanders.eu\/sv\/produkt\/wild-land-voyager-pro-230-taktalt\/\" \/>\n<meta property=\"og:locale\" content=\"sv_SE\" \/>\n<meta property=\"og:type\" content=\"article\" \/>\n<meta property=\"og:title\" content=\"Wild Land Voyager PRO 230 takt\u00e4lt - BALTIC OVERLANDERS\" \/>\n<meta property=\"og:description\" content=\"Uppt\u00e4ck v\u00e5rt rymliga familjetakst\u00e4lt: 360\u00b0 panoramavy, vattent\u00e4tt, \u00e5ret runt-anv\u00e4ndning, teleskopstege, LED-lampa, madrass och mycket mer. Perfekt f\u00f6r ditt n\u00e4sta \u00e4ventyr.\" \/>\n<meta property=\"og:url\" content=\"https:\/\/balticoverlanders.eu\/sv\/produkt\/wild-land-voyager-pro-230-taktalt\/\" \/>\n<meta property=\"og:site_name\" content=\"BALTIC OVERLANDERS\" \/>\n<meta property=\"article:modified_time\" content=\"2024-05-20T12:40:22+00:00\" \/>\n<meta property=\"og:image\" content=\"https:\/\/balticoverlanders.eu\/wp-content\/uploads\/2024\/05\/WhatsApp-Image-2024-05-18-at-1.45.28-PM.jpeg\" \/>\n\t<meta property=\"og:image:width\" content=\"1500\" \/>\n\t<meta property=\"og:image:height\" content=\"1000\" \/>\n\t<meta property=\"og:image:type\" content=\"image\/jpeg\" \/>\n<meta name=\"twitter:card\" content=\"summary_large_image\" \/>\n<meta name=\"twitter:label1\" content=\"Ber\u00e4knad l\u00e4stid\" \/>\n\t<meta name=\"twitter:data1\" content=\"3 minuter\" \/>\n<script type=\"application\/ld+json\" class=\"yoast-schema-graph\">{\"@context\":\"https:\\\/\\\/schema.org\",\"@graph\":[{\"@type\":\"WebPage\",\"@id\":\"https:\\\/\\\/balticoverlanders.eu\\\/sv\\\/produkt\\\/wild-land-voyager-pro-230-taktalt\\\/\",\"url\":\"https:\\\/\\\/balticoverlanders.eu\\\/sv\\\/produkt\\\/wild-land-voyager-pro-230-taktalt\\\/\",\"name\":\"Wild Land Voyager PRO 230 takt\u00e4lt - BALTIC OVERLANDERS\",\"isPartOf\":{\"@id\":\"https:\\\/\\\/balticoverlanders.eu\\\/sv\\\/#website\"},\"primaryImageOfPage\":{\"@id\":\"https:\\\/\\\/balticoverlanders.eu\\\/sv\\\/produkt\\\/wild-land-voyager-pro-230-taktalt\\\/#primaryimage\"},\"image\":{\"@id\":\"https:\\\/\\\/balticoverlanders.eu\\\/sv\\\/produkt\\\/wild-land-voyager-pro-230-taktalt\\\/#primaryimage\"},\"thumbnailUrl\":\"https:\\\/\\\/balticoverlanders.eu\\\/wp-content\\\/uploads\\\/2024\\\/05\\\/Wild-Land-Voyager-PRO-roof-top-tent_009-1-scaled.jpg\",\"datePublished\":\"2024-05-18T08:17:22+00:00\",\"dateModified\":\"2024-05-20T12:40:22+00:00\",\"description\":\"Uppt\u00e4ck v\u00e5rt rymliga familjetakst\u00e4lt: 360\u00b0 panoramavy, vattent\u00e4tt, \u00e5ret runt-anv\u00e4ndning, teleskopstege, LED-lampa, madrass och mycket mer. Perfekt f\u00f6r ditt n\u00e4sta \u00e4ventyr.\",\"breadcrumb\":{\"@id\":\"https:\\\/\\\/balticoverlanders.eu\\\/sv\\\/produkt\\\/wild-land-voyager-pro-230-taktalt\\\/#breadcrumb\"},\"inLanguage\":\"sv-SE\",\"potentialAction\":[{\"@type\":\"ReadAction\",\"target\":[\"https:\\\/\\\/balticoverlanders.eu\\\/sv\\\/produkt\\\/wild-land-voyager-pro-230-taktalt\\\/\"]}]},{\"@type\":\"ImageObject\",\"inLanguage\":\"sv-SE\",\"@id\":\"https:\\\/\\\/balticoverlanders.eu\\\/sv\\\/produkt\\\/wild-land-voyager-pro-230-taktalt\\\/#primaryimage\",\"url\":\"https:\\\/\\\/balticoverlanders.eu\\\/wp-content\\\/uploads\\\/2024\\\/05\\\/Wild-Land-Voyager-PRO-roof-top-tent_009-1-scaled.jpg\",\"contentUrl\":\"https:\\\/\\\/balticoverlanders.eu\\\/wp-content\\\/uploads\\\/2024\\\/05\\\/Wild-Land-Voyager-PRO-roof-top-tent_009-1-scaled.jpg\",\"width\":2560,\"height\":1703},{\"@type\":\"BreadcrumbList\",\"@id\":\"https:\\\/\\\/balticoverlanders.eu\\\/sv\\\/produkt\\\/wild-land-voyager-pro-230-taktalt\\\/#breadcrumb\",\"itemListElement\":[{\"@type\":\"ListItem\",\"position\":1,\"name\":\"Home\",\"item\":\"https:\\\/\\\/balticoverlanders.eu\\\/sv\\\/?page_id=30156\"},{\"@type\":\"ListItem\",\"position\":2,\"name\":\"Butik\",\"item\":\"https:\\\/\\\/balticoverlanders.eu\\\/sv\\\/?page_id=30894\"},{\"@type\":\"ListItem\",\"position\":3,\"name\":\"Wild Land Voyager PRO 230 takt\u00e4lt\"}]},{\"@type\":\"WebSite\",\"@id\":\"https:\\\/\\\/balticoverlanders.eu\\\/sv\\\/#website\",\"url\":\"https:\\\/\\\/balticoverlanders.eu\\\/sv\\\/\",\"name\":\"BALTIC OVERLANDERS\",\"description\":\"Your one-stop shop in Latvia, Estonia, and Lithuania for all your car camping, rooftop tent and accessory needs.\",\"potentialAction\":[{\"@type\":\"SearchAction\",\"target\":{\"@type\":\"EntryPoint\",\"urlTemplate\":\"https:\\\/\\\/balticoverlanders.eu\\\/sv\\\/?s={search_term_string}\"},\"query-input\":{\"@type\":\"PropertyValueSpecification\",\"valueRequired\":true,\"valueName\":\"search_term_string\"}}],\"inLanguage\":\"sv-SE\"}]}<\/script>\n<!-- \/ Yoast SEO plugin. -->","yoast_head_json":{"title":"Wild Land Voyager PRO 230 takt\u00e4lt - BALTIC OVERLANDERS","description":"Uppt\u00e4ck v\u00e5rt rymliga familjetakst\u00e4lt: 360\u00b0 panoramavy, vattent\u00e4tt, \u00e5ret runt-anv\u00e4ndning, teleskopstege, LED-lampa, madrass och mycket mer. Perfekt f\u00f6r ditt n\u00e4sta \u00e4ventyr.","robots":{"index":"index","follow":"follow","max-snippet":"max-snippet:-1","max-image-preview":"max-image-preview:large","max-video-preview":"max-video-preview:-1"},"canonical":"https:\/\/balticoverlanders.eu\/sv\/produkt\/wild-land-voyager-pro-230-taktalt\/","og_locale":"sv_SE","og_type":"article","og_title":"Wild Land Voyager PRO 230 takt\u00e4lt - BALTIC OVERLANDERS","og_description":"Uppt\u00e4ck v\u00e5rt rymliga familjetakst\u00e4lt: 360\u00b0 panoramavy, vattent\u00e4tt, \u00e5ret runt-anv\u00e4ndning, teleskopstege, LED-lampa, madrass och mycket mer. Perfekt f\u00f6r ditt n\u00e4sta \u00e4ventyr.","og_url":"https:\/\/balticoverlanders.eu\/sv\/produkt\/wild-land-voyager-pro-230-taktalt\/","og_site_name":"BALTIC OVERLANDERS","article_modified_time":"2024-05-20T12:40:22+00:00","og_image":[{"width":1500,"height":1000,"url":"https:\/\/balticoverlanders.eu\/wp-content\/uploads\/2024\/05\/WhatsApp-Image-2024-05-18-at-1.45.28-PM.jpeg","type":"image\/jpeg"}],"twitter_card":"summary_large_image","twitter_misc":{"Ber\u00e4knad l\u00e4stid":"3 minuter"},"schema":{"@context":"https:\/\/schema.org","@graph":[{"@type":"WebPage","@id":"https:\/\/balticoverlanders.eu\/sv\/produkt\/wild-land-voyager-pro-230-taktalt\/","url":"https:\/\/balticoverlanders.eu\/sv\/produkt\/wild-land-voyager-pro-230-taktalt\/","name":"Wild Land Voyager PRO 230 takt\u00e4lt - BALTIC OVERLANDERS","isPartOf":{"@id":"https:\/\/balticoverlanders.eu\/sv\/#website"},"primaryImageOfPage":{"@id":"https:\/\/balticoverlanders.eu\/sv\/produkt\/wild-land-voyager-pro-230-taktalt\/#primaryimage"},"image":{"@id":"https:\/\/balticoverlanders.eu\/sv\/produkt\/wild-land-voyager-pro-230-taktalt\/#primaryimage"},"thumbnailUrl":"https:\/\/balticoverlanders.eu\/wp-content\/uploads\/2024\/05\/Wild-Land-Voyager-PRO-roof-top-tent_009-1-scaled.jpg","datePublished":"2024-05-18T08:17:22+00:00","dateModified":"2024-05-20T12:40:22+00:00","description":"Uppt\u00e4ck v\u00e5rt rymliga familjetakst\u00e4lt: 360\u00b0 panoramavy, vattent\u00e4tt, \u00e5ret runt-anv\u00e4ndning, teleskopstege, LED-lampa, madrass och mycket mer. Perfekt f\u00f6r ditt n\u00e4sta \u00e4ventyr.","breadcrumb":{"@id":"https:\/\/balticoverlanders.eu\/sv\/produkt\/wild-land-voyager-pro-230-taktalt\/#breadcrumb"},"inLanguage":"sv-SE","potentialAction":[{"@type":"ReadAction","target":["https:\/\/balticoverlanders.eu\/sv\/produkt\/wild-land-voyager-pro-230-taktalt\/"]}]},{"@type":"ImageObject","inLanguage":"sv-SE","@id":"https:\/\/balticoverlanders.eu\/sv\/produkt\/wild-land-voyager-pro-230-taktalt\/#primaryimage","url":"https:\/\/balticoverlanders.eu\/wp-content\/uploads\/2024\/05\/Wild-Land-Voyager-PRO-roof-top-tent_009-1-scaled.jpg","contentUrl":"https:\/\/balticoverlanders.eu\/wp-content\/uploads\/2024\/05\/Wild-Land-Voyager-PRO-roof-top-tent_009-1-scaled.jpg","width":2560,"height":1703},{"@type":"BreadcrumbList","@id":"https:\/\/balticoverlanders.eu\/sv\/produkt\/wild-land-voyager-pro-230-taktalt\/#breadcrumb","itemListElement":[{"@type":"ListItem","position":1,"name":"Home","item":"https:\/\/balticoverlanders.eu\/sv\/?page_id=30156"},{"@type":"ListItem","position":2,"name":"Butik","item":"https:\/\/balticoverlanders.eu\/sv\/?page_id=30894"},{"@type":"ListItem","position":3,"name":"Wild Land Voyager PRO 230 takt\u00e4lt"}]},{"@type":"WebSite","@id":"https:\/\/balticoverlanders.eu\/sv\/#website","url":"https:\/\/balticoverlanders.eu\/sv\/","name":"BALTIC OVERLANDERS","description":"Your one-stop shop in Latvia, Estonia, and Lithuania for all your car camping, rooftop tent and accessory needs.","potentialAction":[{"@type":"SearchAction","target":{"@type":"EntryPoint","urlTemplate":"https:\/\/balticoverlanders.eu\/sv\/?s={search_term_string}"},"query-input":{"@type":"PropertyValueSpecification","valueRequired":true,"valueName":"search_term_string"}}],"inLanguage":"sv-SE"}]}},"_links":{"self":[{"href":"https:\/\/balticoverlanders.eu\/sv\/wp-json\/wp\/v2\/product\/42859","targetHints":{"allow":["GET"]}}],"collection":[{"href":"https:\/\/balticoverlanders.eu\/sv\/wp-json\/wp\/v2\/product"}],"about":[{"href":"https:\/\/balticoverlanders.eu\/sv\/wp-json\/wp\/v2\/types\/product"}],"wp:featuredmedia":[{"embeddable":true,"href":"https:\/\/balticoverlanders.eu\/sv\/wp-json\/wp\/v2\/media\/51163"}],"wp:attachment":[{"href":"https:\/\/balticoverlanders.eu\/sv\/wp-json\/wp\/v2\/media?parent=42859"}],"wp:term":[{"taxonomy":"product_brand","embeddable":true,"href":"https:\/\/balticoverlanders.eu\/sv\/wp-json\/wp\/v2\/product_brand?post=42859"},{"taxonomy":"product_cat","embeddable":true,"href":"https:\/\/balticoverlanders.eu\/sv\/wp-json\/wp\/v2\/product_cat?post=42859"},{"taxonomy":"product_tag","embeddable":true,"href":"https:\/\/balticoverlanders.eu\/sv\/wp-json\/wp\/v2\/product_tag?post=42859"}],"curies":[{"name":"wp","href":"https:\/\/api.w.org\/{rel}","templated":true}]}}